{"id":23675,"date":"2018-08-08T16:53:21","date_gmt":"2018-08-08T14:53:21","guid":{"rendered":"https:\/\/www.wwwtoshibastoragecom.psl.dev\/social-media-privacy-policy\/"},"modified":"2022-08-15T09:32:08","modified_gmt":"2022-08-15T07:32:08","slug":"social-media-privacy-policy","status":"publish","type":"page","link":"https:\/\/www.wwwtoshibastoragecom.psl.dev\/tr\/social-media-privacy-policy\/","title":{"rendered":"Social Media Privacy Policy"},"content":{"rendered":"<div class=\"wpb-content-wrapper\"><p>[vc_row][vc_column width=&#8221;2\/3&#8243;][vc_column_text]<\/p>\n<p class=\"p1\"><strong>Toshiba Facebook Sayfas\u0131 Depolamas\u0131 i\u00e7in Gizlilik \u0130lkesi<\/strong><\/p>\n<p>Tarih: A\u011fustos 2018<\/p>\n<p>Facebook sayfam\u0131z\u0131 ziyaret etti\u011finiz i\u00e7in te\u015fekk\u00fcr ederiz. Ki\u015fisel verilerinizin korunmas\u0131 bizim i\u00e7in \u00e7ok \u00f6nemlidir. Bu Gizlilik \u0130lkesi sayesinde Facebook sayfam\u0131z\u0131 ziyaret ederken ki\u015fisel verilerinizin i\u015flenmesiyle ilgili bilgi edinebilirsiniz.<\/p>\n<p class=\"p2\"><b>I. <strong>Biz kimiz ve bize nas\u0131l ula\u015fabilirsiniz?<\/strong><\/b><\/p>\n<p>Facebook \u0130rlanda Limited<br \/>\n4 Grand Canal Square<br \/>\nDublin 2<br \/>\n\u0130rlanda<\/p>\n<p>ve biz,<\/p>\n<p>Toshiba Electronics Europe GmbH<br \/>\nHansaallee 181<br \/>\n40549 D\u00fcsseldorf<\/p>\n<p>verilerinizin i\u015flenmesinden m\u00fc\u015fterek sorumluyuz. Facebook taraf\u0131ndan ger\u00e7ekle\u015ftirilen veri i\u015flemesi ve sizin buna ili\u015fkin haklar\u0131n\u0131zla ilgili t\u00fcm sorular\u0131n\u0131z i\u00e7in l\u00fctfen Facebook&#8217;un Gizlilik \u0130lkesi https:\/\/www.facebook.com\/about\/privacy\/ arac\u0131l\u0131\u011f\u0131yla bir Facebook veri koruma yetkilisi ile ileti\u015fime ge\u00e7in. A\u015fa\u011f\u0131daki B\u00f6l\u00fcm II. A. kapsam\u0131nda a\u00e7\u0131klanan bizim veri i\u015flememiz hakk\u0131ndaki t\u00fcm sorular\u0131n\u0131z i\u00e7in l\u00fctfen veri koruma yetkilimizle ileti\u015fime ge\u00e7in: Veri Koruma Yetkilisi, Data Protection Officer, Mr. Johannes Schwiegk, c\/o Datenzeit GmbH, Friedrich-Engels Allee 200, 42285 Wuppertal, Germany, datenschutz@datenzeit.de).<\/p>\n<p class=\"p2\"><b>II. <\/b><strong>Facebook sayfam\u0131z\u0131 ziyaretinize ili\u015fkin veri i\u015fleme <\/strong><\/p>\n<p class=\"p2\"><b>A. <\/b><strong>Verilerinizi nas\u0131l i\u015fliyoruz?\u00a0 <\/strong><\/p>\n<p class=\"p2\"><b>1. <\/b><strong>Facebook \u0130statistikleri<\/strong><\/p>\n<h4><strong>Veri i\u015fleme a\u00e7\u0131klamas\u0131 ve kapsam\u0131:<\/strong><\/h4>\n<p>\u201cFacebook \u0130statistikleri\u201d i\u015flevini kullan\u0131yoruz. Taraf\u0131m\u0131zca tan\u0131mlanan parametrelere ve zaman aral\u0131klar\u0131na g\u00f6re Facebook taraf\u0131ndan sa\u011flanan anonim istatistik verileri al\u0131r\u0131z. Bu verilerden belirli ki\u015fileri tespit etmemiz s\u00f6z konusu de\u011fildir. \u0130statistik verileri \u00e7e\u015fitli bilgileri i\u00e7erir; \u00f6rne\u011fin:<\/p>\n<ul>\n<li>etkinlikler ve etkile\u015fimler (\u00f6r. t\u0131klamalar, g\u00f6r\u00fcnt\u00fclemeler), sayfam\u0131z\u0131n be\u011fenileri ve yay\u0131n b\u00f6lgesi, g\u00f6nderilerimiz ve etkinliklerimiz,<\/li>\n<li>abonelerimizin ve ziyaret\u00e7ilerimizin say\u0131s\u0131 ve etkinlik s\u00fcreleri ile ya\u015flar\u0131, cinsiyetleri ve konumlar\u0131 ile ilgili istatistik bilgileri.<\/li>\n<li>Video istatistikleri<\/li>\n<li>Al\u0131nan ve g\u00f6nderilen mesajlar.<\/li>\n<\/ul>\n<h4><strong>Veri i\u015flemenin amac\u0131:<\/strong><\/h4>\n<p>\u0130statistik verilerinin yard\u0131m\u0131yla Facebook sayfam\u0131z\u0131n nas\u0131l kullan\u0131ld\u0131\u011f\u0131yla ilgili istatistiki bilgiler ediniriz. Bu da sayfam\u0131zdaki etkinlikleri en iyile\u015ftirmemize ve sayfam\u0131z\u0131n, promosyon etkinliklerimizin, g\u00f6nderilerimizin ve etkinliklerimizin i\u00e7eri\u011fini ve tasar\u0131m\u0131n\u0131 iyile\u015ftirmemize olanak sa\u011flar.<\/p>\n<p class=\"p2\"><b>2. <\/b><strong>Facebook bildirimleri<\/strong><\/p>\n<h4><strong>Veri i\u015fleme a\u00e7\u0131klamas\u0131 ve kapsam\u0131:<\/strong><\/h4>\n<p>Sayfam\u0131zla veya g\u00f6nderilerimizden, promosyon etkinliklerimizden ve etkinliklerimizden biriyle etkile\u015fime girdi\u011finizde (\u00f6r. be\u011fenme, payla\u015fma, yorum yapma), sayfam\u0131za abone oldu\u011funuzda veya bizi takip etti\u011finizde Facebook&#8217;tan bir bildirim al\u0131r\u0131z. Bu bildirim ad\u0131n\u0131z\u0131, profil resminizi ve etkile\u015fiminizi i\u00e7erir.<\/p>\n<p>Bu verilere, Toshiba grubu i\u00e7indeki sorumlu ki\u015filer ve bizi Halkla \u0130li\u015fkiler ve Sosyal Medya y\u00f6netimi konusunda destekleyen \u00fc\u00e7\u00fcnc\u00fc taraf hizmet sa\u011flay\u0131c\u0131lar eri\u015febilir. Bu hizmet sa\u011flay\u0131c\u0131lar\u0131n veri koruma gereksinimlerine ve gizlili\u011fe uygun davranmas\u0131 s\u00f6zle\u015fmeler kapsam\u0131nda sa\u011flan\u0131r. \u0130\u015fleyici olan hizmet sa\u011flay\u0131c\u0131lar, verilerin \u00e7ok s\u0131k\u0131 bir \u015fekilde talimatlar\u0131m\u0131za g\u00f6re i\u015flendi\u011fine dair \u00f6zel bir anla\u015fma imzalam\u0131\u015ft\u0131r.<\/p>\n<p>Facebook bildirimlerini, g\u00f6nderilerinizi ve di\u011fer etkile\u015fimleri silemeyiz.<\/p>\n<h4><strong>Veri i\u015flemenin amac\u0131 ve yasal dayana\u011f\u0131:<\/strong><\/h4>\n<p>Facebook sayfam\u0131zla nas\u0131l etkile\u015fim kurdu\u011funuzu g\u00f6rmek ve etkile\u015fimlerinize kar\u015f\u0131l\u0131k vermek (\u00f6r. yorum yapma, be\u011fenme, payla\u015fma) i\u00e7in sunulan verileri kullan\u0131r\u0131z. Veri i\u015fleme, bu amac\u0131 yerine getirmeye ili\u015fkin me\u015fru menfaatimize dayan\u0131r (GDPR (Genel Veri Koruma Y\u00f6netmeli\u011fi), Madde 6, b\u00f6l\u00fcm 1).<\/p>\n<p class=\"p2\"><b>3. <strong>\u0130leti\u015fim<\/strong><\/b><\/p>\n<h4><strong>Veri i\u015fleme a\u00e7\u0131klamas\u0131 ve kapsam\u0131:<\/strong><\/h4>\n<p>Facebook \u00fczerinden bizimle ileti\u015fim kurdu\u011funuzda kullan\u0131c\u0131 ad\u0131n\u0131z, profil resminiz, ilginiz ve ileti\u015fim bilgileriniz gibi bize verdi\u011finiz bilgileri i\u015fleriz. Ger\u00e7ek ad\u0131n\u0131z veya ileti\u015fim bilgileriniz gibi ayr\u0131nt\u0131lar\u0131 vermeden bizimle ileti\u015fim kurabilirsiniz.<\/p>\n<p>Bu verilere, Toshiba grubu i\u00e7indeki sorumlu ki\u015filer ve bizi Halkla \u0130li\u015fkiler ve Sosyal Medya y\u00f6netimi konusunda destekleyen \u00fc\u00e7\u00fcnc\u00fc taraf hizmet sa\u011flay\u0131c\u0131lar eri\u015febilir. Bu hizmet sa\u011flay\u0131c\u0131lar\u0131n veri koruma gereksinimlerine ve gizlili\u011fe uygun davranmas\u0131 s\u00f6zle\u015fmeler kapsam\u0131nda sa\u011flan\u0131r. \u0130\u015fleyici olan hizmet sa\u011flay\u0131c\u0131lar, verilerin \u00e7ok s\u0131k\u0131 bir \u015fekilde talimatlar\u0131m\u0131za g\u00f6re i\u015flendi\u011fine dair \u00f6zel bir anla\u015fma imzalam\u0131\u015ft\u0131r.<\/p>\n<p>Verileri a\u015fa\u011f\u0131da a\u00e7\u0131klanan amac\u0131 yerine getirmek i\u00e7in gerekli oldu\u011fu s\u00fcrece saklar\u0131z ancak Facebook&#8217;taki g\u00f6nderilerinizi, yorumlar\u0131n\u0131z\u0131 veya di\u011fer etkile\u015fimlerinizi silemeyiz.<\/p>\n<p><strong>Veri i\u015flemenin amac\u0131 ve yasal dayana\u011f\u0131:<\/strong><\/p>\n<p>Verilerinizi sorgunuzu ele almak i\u00e7in i\u015fleriz. Veri i\u015fleme, bu amac\u0131 yerine getirmeye ili\u015fkin me\u015fru menfaatimize dayan\u0131r (GDPR, Madde 6, b\u00f6l\u00fcm 1).<\/p>\n<p class=\"p2\"><b>4. <\/b><strong>\u00c7ekili\u015fler <\/strong><\/p>\n<h4><strong>Veri i\u015fleme a\u00e7\u0131klamas\u0131 ve kapsam\u0131:<\/strong><\/h4>\n<p>Facebook sayfam\u0131zdaki \u00e7ekili\u015flere kat\u0131ld\u0131\u011f\u0131n\u0131zda kullan\u0131c\u0131 ad\u0131n\u0131z, profil resminiz, ger\u00e7ek ad\u0131n\u0131z ve ileti\u015fim bilgileriniz gibi bize verdi\u011finiz ki\u015fisel verileri i\u015fleriz. Kazanan kullan\u0131c\u0131n\u0131n ad\u0131n\u0131 bir yoruma yaz\u0131p kullan\u0131c\u0131n\u0131n bize e-posta yoluyla posta adresini g\u00f6ndermesini rica ederiz.<\/p>\n<p>Bu verilere, Toshiba grubu i\u00e7indeki sorumlu ki\u015filer ve bizi Halkla \u0130li\u015fkiler ve Sosyal Medya y\u00f6netimi konusunda destekleyen \u00fc\u00e7\u00fcnc\u00fc taraf hizmet sa\u011flay\u0131c\u0131lar eri\u015febilir. Bu hizmet sa\u011flay\u0131c\u0131lar\u0131n veri koruma gereksinimlerine ve gizlili\u011fe uygun davranmas\u0131 s\u00f6zle\u015fmeler kapsam\u0131nda sa\u011flan\u0131r. \u0130\u015fleyici olan hizmet sa\u011flay\u0131c\u0131lar, verilerin \u00e7ok s\u0131k\u0131 bir \u015fekilde talimatlar\u0131m\u0131za g\u00f6re i\u015flendi\u011fine dair \u00f6zel bir anla\u015fma imzalam\u0131\u015ft\u0131r.<\/p>\n<p>Verilerinizi \u00e7ekili\u015fleri ger\u00e7ekle\u015ftirmek i\u00e7in gerekti\u011fi s\u00fcrece depolar\u0131z. Ancak Facebook&#8217;taki g\u00f6nderilerinizi, yorumlar\u0131n\u0131z\u0131 veya di\u011fer etkile\u015fimlerinizi silemeyiz.<\/p>\n<p><strong>Veri i\u015flemenin amac\u0131 ve yasal dayana\u011f\u0131:<\/strong><\/p>\n<p>Ki\u015fisel verilerinizi \u00f6zellikle \u00e7ekili\u015fleri ger\u00e7ekle\u015ftirmek i\u00e7in i\u015fleriz. Veri i\u015flemenin yasal dayana\u011f\u0131, bir s\u00f6zle\u015fmeyi yerine getirmek i\u00e7in gereklilik olmas\u0131d\u0131r (GDPR, Madde 6, b\u00f6l\u00fcm 1).<\/p>\n<p class=\"p2\"><b>B. <\/b><strong>Facebook verilerinizi nas\u0131l i\u015fler?<\/strong><\/p>\n<p>Facebook sayfam\u0131z\u0131 ziyaret etti\u011finizde, Facebook \u00c7erezler ve di\u011fer izleme teknolojileri ile elde edilen ve sizin sa\u011flad\u0131\u011f\u0131n\u0131z ya da \u00fc\u00e7\u00fcnc\u00fc taraflarca sa\u011flanan \u00e7e\u015fitli verileri toplar ve i\u015fler. Bu verileri \u015fu ama\u00e7lar do\u011frultusunda kullan\u0131r: Facebook \u0130statistikleri i\u00e7in istatistik olu\u015fturma, reklamc\u0131lara \u00f6l\u00e7\u00fcmler ve analizler sa\u011flama, pazar ara\u015ft\u0131rmas\u0131 ve \u00f6zellikler ile i\u00e7erikleri ki\u015fiselle\u015ftirme. Facebook bu verileri di\u011fer Facebook grup \u015firketleri ve \u00fc\u00e7\u00fcnc\u00fc taraflarla payla\u015f\u0131r ve verileri ABD gibi Avrupa Birli\u011fi d\u0131\u015f\u0131ndaki \u00fc\u00e7\u00fcnc\u00fc \u00fclkelere aktar\u0131r. Facebook&#8217;un veri i\u015fleme yasal dayana\u011f\u0131n\u0131n yan\u0131 s\u0131ra kapsam ve ama\u00e7lar\u0131 ve kontrol se\u00e7enekleriniz hakk\u0131nda daha fazla bilgi i\u00e7in l\u00fctfen \u015fu adresleri ziyaret edin: Facebook Veri Gizlilik \u0130lkesi, <a href=\"https:\/\/www.facebook.com\/about\/privacy\/\">https:\/\/www.facebook.com\/about\/privacy\/<\/a>; \u00c7erez \u0130lkesi, https:\/\/www.facebook.com\/policies\/cookies ve Facebook&#8217;un ki\u015fisel verilerinizi kullan\u0131m\u0131n\u0131 ayarlama hakk\u0131nda bilgiler, https:\/\/www.facebook.com\/help\/568137493302217.<\/p>\n<p class=\"p2\"><b>III. <\/b><strong>Veri \u00f6znesi olarak haklar\u0131n\u0131z <\/strong><\/p>\n<p>GDPR&#8217;nin 15 ila 21 ve 77. Maddelerine g\u00f6re ve yasal ko\u015fullar\u0131n sa\u011flanmas\u0131 durumunda, a\u015fa\u011f\u0131daki haklara sahip olursunuz. Yaln\u0131zca yukar\u0131daki B\u00f6l\u00fcm II. A. kapsam\u0131nda tan\u0131mlanan verilerinizi bizim i\u015flememize ili\u015fkin haklar\u0131n\u0131zla ilgili sizi destekleyebilece\u011fimizi l\u00fctfen g\u00f6z \u00f6n\u00fcnde bulundurun. Facebook&#8217;un veri i\u015flemesine ili\u015fkin haklar\u0131n\u0131z\u0131 kullanmak istiyorsan\u0131z l\u00fctfen do\u011frudan Facebook ile ileti\u015fime ge\u00e7in.<\/p>\n<p class=\"p2\"><strong>Bilgi<\/strong><\/p>\n<p class=\"p2\">\u0130stedi\u011finiz zaman Facebook&#8217;tan ve bizden i\u015flenen ki\u015fisel verileriniz hakk\u0131nda bilgi vermemizi ve depolanan ki\u015fisel verilerinizin bir kopyas\u0131n\u0131 sunmam\u0131z\u0131 talep edebilirsiniz (GDPR, Madde 15). L\u00fctfen ki\u015fisel verilerin ilave kopyalar\u0131n\u0131n \u00fccrete tabi olabilece\u011fini g\u00f6z \u00f6n\u00fcnde bulundurun.<\/p>\n<p class=\"p2\"><strong>D\u00fczeltme<\/strong><\/p>\n<p class=\"p2\">Yanl\u0131\u015f ki\u015fisel verilerin d\u00fczeltilmesini ve eksik ki\u015fisel verilerin tamamlanmas\u0131n\u0131 talep edebilirsiniz (GDPR, Madde 16).<\/p>\n<p class=\"p2\"><strong>Silme<\/strong><\/p>\n<p class=\"p2\">Verilerinizin silinmesini talep edebilirsiniz. Ancak, bu hak s\u00f6zle\u015fmelerin uygulanmas\u0131 ile zorunlu tutma y\u00fck\u00fcml\u00fcl\u00fcklerine tabi olan yasal iddia ve verilerin \u00f6ne s\u00fcr\u00fclmesi, uygulanmas\u0131 ve savunulmas\u0131 i\u00e7in gerekli olan veriler i\u00e7in ge\u00e7erli de\u011fildir (GDPR, Madde 17).<\/p>\n<p class=\"p2\"><strong>\u0130\u015flemeyi s\u0131n\u0131rland\u0131rma<\/strong><\/p>\n<p class=\"p2\">Belirli durumlarda, \u00f6rne\u011fin; verilerinizin yanl\u0131\u015f oldu\u011funu, i\u015flemin hukuka ayk\u0131r\u0131 oldu\u011funu d\u00fc\u015f\u00fcn\u00fcyorsan\u0131z ya da veri i\u015flemeye itiraz ederseniz, i\u015flemenin k\u0131s\u0131tlanmas\u0131n\u0131 isteyebilirsiniz. Bunun sonucunda, verileriniz \u00f6rne\u011fin di\u011fer t\u00fczel ve yasal ki\u015filerin haklar\u0131n\u0131 korumak i\u00e7in veya yasal iddialar\u0131n \u00f6ne s\u00fcr\u00fclmesi, uygulanmas\u0131 ve savunulmas\u0131 i\u00e7in izniniz olmadan \u00e7ok s\u0131n\u0131rl\u0131 bir \u015fekilde i\u015flenebilir (GDPR, Madde 18).<\/p>\n<p class=\"p2\"><strong>Veri i\u015flemeye itiraz etme<\/strong><\/p>\n<p class=\"p2\">\u0130stedi\u011finiz zaman do\u011frudan pazarlama ama\u00e7lar\u0131 do\u011frultusunda verilerinizin i\u015flenmesine itiraz edebilirsiniz. Ayr\u0131ca, \u00f6zen nedenleriniz varsa istedi\u011finiz zaman me\u015fru menfaat temelinde yer alan veri i\u015flemeye itiraz edebilirsiniz (GDPR, Madde 21).<\/p>\n<p class=\"p2\"><strong>\u0130znin geri al\u0131nmas\u0131<\/strong><\/p>\n<p class=\"p2\">Ki\u015fisel verilerinizin i\u015flenmesi i\u00e7in verilen bir izni gelecekteki i\u015flemlere etki edecek \u015fekilde istedi\u011finiz zaman iptal edebilirsiniz. \u0130ptal, \u00f6nceki veri i\u015flemenin yasall\u0131\u011f\u0131n\u0131 etkilemez ve ba\u015fka bir yasal zemine dayanan bu t\u00fcr veri i\u015flemlerine uzanmaz.<\/p>\n<p class=\"p2\"><strong>Veri ta\u015f\u0131nabilirli\u011fi<\/strong><\/p>\n<p class=\"p2\">Sa\u011flad\u0131\u011f\u0131n\u0131z verileri ve izniniz do\u011frultusunda bizim veya Facebook&#8217;un i\u015fledi\u011fi verileri, s\u00f6zle\u015fmeyi yerine getirmek \u00fczere bu verilerin \u00fc\u00e7\u00fcnc\u00fc taraflara do\u011frudan aktar\u0131lmas\u0131n\u0131 talep etmek i\u00e7in standart, makinede okunabilir formatta alma hakk\u0131na sahipsiniz (GDPR, Madde 20).<\/p>\n<p class=\"p2\"><strong>Veri Koruma Otoritesi&#8217;ne (DPA) \u015fikayette bulunma hakk\u0131<\/strong><\/p>\n<p class=\"p2\">Verilerinizin i\u015flenmesinin yasalara ayk\u0131r\u0131 oldu\u011funu veya Facebook&#8217;un ya da bizim yukar\u0131da belirtilen haklar\u0131 gerekli oldu\u011fu \u00f6l\u00e7\u00fcde sa\u011flamad\u0131\u011f\u0131m\u0131z\u0131 d\u00fc\u015f\u00fcn\u00fcyorsan\u0131z ilgili DPA&#8217;ya bir \u015fikayet dosyas\u0131 haz\u0131rlama hakk\u0131na sahipsiniz.<\/p>\n<p>[\/vc_column_text][\/vc_column][\/vc_row][vc_row][vc_column width=&#8221;2\/3&#8243;][vc_separator color=&#8221;black&#8221; align=&#8221;align_left&#8221;][\/vc_column][\/vc_row][vc_row][vc_column width=&#8221;2\/3&#8243;][vc_column_text]<strong>LinkedIn kullan\u0131m\u0131na ili\u015fkin belirli bilgiler<\/strong><\/p>\n<p>Tarih: Aral\u0131k 2019<\/p>\n<p><strong>1. Ki\u015fisel verilerin i\u015flenmesine y\u00f6nelik kapsam ve sorumluluk<\/strong><br \/>\nWeb sitemizde (www.toshiba-storage.com) kariyer a\u011f\u0131 LinkedIn\u2019in ilgili ada sahip eklentileri kullan\u0131lmaktad\u0131r. Eklentiler, ziyaret\u00e7ileri daha fazla i\u00e7erik i\u00e7in LinkedIn\u2019e y\u00f6nlendiren d\u00fc\u011fmelerdir. LinkedIn web sitesinin operat\u00f6r\u00fc LinkedIn Ireland Unlimited Company, Wilton Place, Dublin 2, \u0130rlanda\u2019d\u0131r (\u201cLinkedIn\u201d).<\/p>\n<p>Web sitemizdeki LinkedIn eklentisinin kullan\u0131m\u0131ndan kaynaklanan ki\u015fisel verilerin i\u015flenmesinden LinkedIn ile ortakla\u015fa sorumluyuz. A\u015fa\u011f\u0131da sorumlu oldu\u011fumuz i\u015fleme faaliyetleri hakk\u0131nda sizi bilgilendirmek istiyoruz. LinkedIn taraf\u0131ndan ger\u00e7ekle\u015ftirilen i\u015fleme faaliyetleri hakk\u0131nda daha fazla bilgi edinmek i\u00e7in l\u00fctfen LinkedIn web sitesi operat\u00f6r\u00fc ile ileti\u015fime ge\u00e7in (yukar\u0131daki ileti\u015fim bilgilerine bak\u0131n), https:\/\/www.linkedin.com\/help\/linkedin\/ask\/TSO-DPO adresinde yer alan ileti\u015fim formunu kullan\u0131n veya https:\/\/www.linkedin.com\/help\/linkedin\/ask\/TSO-DPO adresinden LinkedIn\u2019in Veri Koruma Yetkilisi ile ileti\u015fime ge\u00e7in.<\/p>\n<p>LinkedIn eklentisini i\u00e7eren web sitemizin bir sayfas\u0131 \u00e7a\u011fr\u0131ld\u0131\u011f\u0131nda, LinkedIn sunucular\u0131na bir ba\u011flant\u0131 kurulur. LinkedIn eklentisini se\u00e7seniz de se\u00e7meseniz de sitemizdeki LinkedIn eklentisi hangi sayfalar\u0131m\u0131z\u0131 ziyaret etti\u011finizi otomatik olarak kaydeder. Hatta bu i\u015flemi bir LinkedIn hesab\u0131n\u0131z olmasa da veya LinkedIn hesab\u0131n\u0131zda oturum a\u00e7mam\u0131\u015f olsan\u0131z bile ger\u00e7ekle\u015ftirir. Bu bilgiler LinkedIn\u2019e aktar\u0131l\u0131r. LinkedIn hesab\u0131n\u0131zda oturum a\u00e7m\u0131\u015fken eklenti i\u00e7eren sayfalar\u0131m\u0131zdan birini \u00e7a\u011f\u0131r\u0131rsan\u0131z LinkedIn\u2019in taray\u0131c\u0131daki davran\u0131\u015f\u0131n\u0131zla ki\u015fisel LinkedIn profilinizi ili\u015fkilendirmesine olanak sa\u011flars\u0131n\u0131z. Ki\u015fisel verilerin ABD\u2019ye aktar\u0131lmas\u0131na ili\u015fkin LinkedIn, AB-ABD Gizlilik Kalkan\u0131 https:\/\/www.privacyshield.gov\/participant?id=a2zt0000000L0UZAA0&amp;status=Active anla\u015fmas\u0131n\u0131 kabul etmi\u015ftir. LinkedIn\u2019in ki\u015fisel verileri toplamas\u0131 ve i\u015flemesine ili\u015fkin daha ayr\u0131nt\u0131l\u0131 bilgi edinmek i\u00e7in https:\/\/www.linkedin.com\/legal\/privacy-policy adresindeki LinkedIn Gizlilik Politikas\u0131na bakabilirsiniz.<\/p>\n<p><strong>2. Ki\u015fisel verilerin i\u015flenmesine y\u00f6nelik yasal dayanak<\/strong><br \/>\nYukar\u0131da \u201cKi\u015fisel verilerin i\u015flenmesi y\u00f6nelik kapsam ve sorumluklar\u201d ba\u015fl\u0131kl\u0131 B\u00f6l\u00fcm 1\u2019de listelenen ki\u015fisel verilerin toplanmas\u0131 ve s\u00f6z konusu ki\u015fisel verilerin LinkedIn\u2019e aktar\u0131lmas\u0131 GDPR Madde 6 (1) (f) uyar\u0131nca \u00fcr\u00fcnlerimizi tan\u0131tma ve web sitemizi ziyaret eden ki\u015filerle ileti\u015fimi optimize etme konusunda yasal menfaatlerimizden yola \u00e7\u0131karak ger\u00e7ekle\u015ftirilmektedir.<br \/>\nGDPR Madde 6 (1) (f) esas\u0131nda ki\u015fisel verilerinizin i\u015flenmesine itiraz etme hakk\u0131na sahipsiniz. Ayr\u0131nt\u0131lar i\u00e7in l\u00fctfen \u201cBilgilerinize ve di\u011fer haklar\u0131n\u0131za nas\u0131l eri\u015firsiniz?\u201d ba\u015fl\u0131kl\u0131 B\u00f6l\u00fcm 11\u2019e bak\u0131n (Privacy Policy).<\/p>\n<p><strong>3. Veri i\u015flemenin amac\u0131<\/strong><br \/>\nLinkedIn eklentisini, \u00e7evrimi\u00e7i hizmetlerimizin cazip bir \u015fekilde sunulmas\u0131 ve web sitelerimizin ziyaret\u00e7ileri ve\/veya LinkedIn kullan\u0131c\u0131lar\u0131 ile etkili bilgi ve ileti\u015fim sa\u011flamak i\u00e7in kullan\u0131yoruz. Bu ayr\u0131ca \u015firketimizin ve \u00fcr\u00fcnlerimizin daha iyi tan\u0131t\u0131lmas\u0131na ve a\u011f\u0131m\u0131z\u0131n geni\u015fletilmesine de hizmet ediyor.<\/p>\n<p><strong>4. Saklama s\u00fcresi<\/strong><br \/>\nLinkedIn eklentisinden toplanan bilgiler, yukar\u0131da belirtilen ama\u00e7lar\u0131n ger\u00e7ekle\u015ftirilmesi i\u00e7in gereken s\u00fcreden daha uzun olmayacak \u015fekilde ge\u00e7ici olarak saklan\u0131r.<\/p>\n<p><strong>5. Yap\u0131land\u0131rma se\u00e7enekleri ve veri sahiplerinin haklar\u0131<\/strong><br \/>\nKi\u015fisel verilerin kullan\u0131m\u0131na ili\u015fkin daha fazla ayar i\u00e7in https:\/\/www.linkedin.com\/psettings\/guest-controls\/retargeting-opt-out adresini ziyaret edin.<\/p>\n<p>\u201cBilgilerinize ve di\u011fer haklar\u0131n\u0131za nas\u0131l eri\u015firsiniz?\u201d ba\u015fl\u0131kl\u0131 B\u00f6l\u00fcm 11\u2019 (Privacy Policy) de veri sahibi haklar\u0131na ili\u015fkin daha fazla bilgi edinebilirsiniz.[\/vc_column_text][\/vc_column][\/vc_row][vc_row][vc_column width=&#8221;2\/3&#8243;][vc_separator color=&#8221;black&#8221; align=&#8221;align_left&#8221;][\/vc_column][\/vc_row][vc_row][vc_column width=&#8221;2\/3&#8243;][vc_column_text]<strong>YouTube kullan\u0131m\u0131na ili\u015fkin belirli bilgiler<\/strong><\/p>\n<p>Tarih: Aral\u0131k 2019<\/p>\n<p><strong>1. Ki\u015fisel verilerin i\u015flenmesine y\u00f6nelik kapsam ve sorumluluk<\/strong><br \/>\nWeb sitemizde (www.toshiba-storage.com) YouTube\u2019un ilgili ada sahip eklentileri kullan\u0131lmaktad\u0131r. Eklentiler, ziyaret\u00e7ileri daha fazla i\u00e7erik i\u00e7in YouTube\u2019a y\u00f6nlendiren d\u00fc\u011fmelerdir. YouTube hizmetinin Avrupa Ekonomik B\u00f6lgesi ve \u0130svi\u00e7re\u2019deki operat\u00f6r\u00fc Google Ireland Limited, Gordon House, Barrow Street, Dublin 4, \u0130rlanda\u2019d\u0131r (\u201cGoogle\u201d).<\/p>\n<p>Web sitemizdeki YouTube eklentisinin kullan\u0131m\u0131ndan kaynaklanan ki\u015fisel verilerin i\u015flenmesinden Google ile ortakla\u015fa sorumluyuz. A\u015fa\u011f\u0131da sorumlu oldu\u011fumuz i\u015fleme faaliyetleri hakk\u0131nda sizi bilgilendirmek istiyoruz. Google taraf\u0131ndan ger\u00e7ekle\u015ftirilen i\u015fleme faaliyetleri ile ilgili daha fazla bilgi edinmek i\u00e7in l\u00fctfen Google ile ileti\u015fime ge\u00e7in (yukar\u0131daki ileti\u015fim bilgilerine bak\u0131n), https:\/\/support.google.com\/youtube\/#topic=9257498 adresindeki ileti\u015fim formunu kullan\u0131n veya https:\/\/policies.google.com\/privacy adresinden YouTube\u2019un Veri Koruma Yetkilisi ile ileti\u015fime ge\u00e7in.<\/p>\n<p>YouTube eklentisini i\u00e7eren web sitemizin bir sayfas\u0131 \u00e7a\u011fr\u0131ld\u0131\u011f\u0131nda, Google sunucular\u0131na bir ba\u011flant\u0131 kurulur. YouTube eklentisini se\u00e7seniz de se\u00e7meseniz de sitemizdeki YouTube eklentisi otomatik olarak hangi sayfalar\u0131m\u0131z\u0131 ziyaret etti\u011finizi kaydeder. Hatta bu i\u015flemi bir YouTube hesab\u0131n\u0131z olmasa da veya YouTube hesab\u0131n\u0131zda oturum a\u00e7mam\u0131\u015f olsan\u0131z bile ger\u00e7ekle\u015ftirir. Bu bilgiler Google\u2019a aktar\u0131l\u0131r. YouTube hesab\u0131n\u0131zda oturum a\u00e7m\u0131\u015fken eklenti i\u00e7eren sayfalar\u0131m\u0131zdan birini \u00e7a\u011f\u0131r\u0131rsan\u0131z Google\u2019\u0131n taray\u0131c\u0131daki davran\u0131\u015f\u0131n\u0131zla ki\u015fisel YouTube profilinizi ili\u015fkilendirmesine olanak sa\u011flars\u0131n\u0131z.<br \/>\nKi\u015fisel verilerin ABD\u2019ye aktar\u0131lmas\u0131na ili\u015fkin Google, AB-ABD Gizlilik Kalkan\u0131 https:\/\/www.privacyshield.gov\/participant?id=a2zt000000001L5AAI&amp;status=Active anla\u015fmas\u0131n\u0131 kabul etmi\u015ftir. Google\u2019\u0131n ki\u015fisel verileri toplamas\u0131 ve i\u015flemesine ili\u015fkin daha ayr\u0131nt\u0131l\u0131 bilgi edinmek i\u00e7in https:\/\/www.google.de\/intl\/de\/policies\/privacy adresindeki Google Gizlilik Politikas\u0131na bakabilirsiniz.<\/p>\n<p><strong>2. Ki\u015fisel verilerin i\u015flenmesine y\u00f6nelik yasal dayanak<\/strong><br \/>\nYukar\u0131da \u201cKi\u015fisel verilerin i\u015flenmesine y\u00f6nelik kapsam ve sorumluluklar\u201d ba\u015fl\u0131kl\u0131 B\u00f6l\u00fcm 1\u2019de listelenen ki\u015fisel verilerin toplanmas\u0131 ve s\u00f6z konusu ki\u015fisel verilerin Google\u2019a aktar\u0131lmas\u0131 GDPR Madde 6 (1) (f) uyar\u0131nca \u00fcr\u00fcnlerimizi tan\u0131tma ve web sitemizi ziyaret eden ki\u015filerle ileti\u015fimi optimize etme konusunda yasal menfaatlerimizden yola \u00e7\u0131karak ger\u00e7ekle\u015ftirilmektedir.<br \/>\nGDPR Madde 6 (1) (f) esas\u0131nda ki\u015fisel verilerinizin i\u015flenmesine itiraz etme hakk\u0131na sahipsiniz. Ayr\u0131nt\u0131lar i\u00e7in l\u00fctfen \u201cBilgilerinize ve di\u011fer haklar\u0131n\u0131za nas\u0131l eri\u015firsiniz?\u201d ba\u015fl\u0131kl\u0131 B\u00f6l\u00fcm 11\u2019e bak\u0131n (Privacy Policy).<\/p>\n<p><strong>3. Veri i\u015flemenin amac\u0131<\/strong><br \/>\nYoutube eklentisini, \u00e7evrimi\u00e7i hizmetlerimizin cazip bir \u015fekilde sunulmas\u0131 ve web sitelerimizin ziyaret\u00e7ileri ve\/veya YouTube kullan\u0131c\u0131lar\u0131 ile etkili bilgi ve ileti\u015fim sa\u011flamak i\u00e7in kullan\u0131yoruz. Bu, ayr\u0131ca \u015firketimizin ve \u00fcr\u00fcnlerimizin daha iyi tan\u0131t\u0131lmas\u0131na ve a\u011f\u0131m\u0131z\u0131n geni\u015fletilmesine de hizmet ediyor.<\/p>\n<p><strong>4. Saklama s\u00fcresi<\/strong><br \/>\nYouTube eklentisinden toplanan bilgiler, yukar\u0131da belirtilen ama\u00e7lar\u0131n ger\u00e7ekle\u015ftirilmesi i\u00e7in gereken s\u00fcreden daha uzun olmayacak \u015fekilde ge\u00e7ici olarak saklan\u0131r.<\/p>\n<p><strong>5. Yap\u0131land\u0131rma se\u00e7enekleri ve veri sahiplerinin haklar\u0131<\/strong><br \/>\nKi\u015fisel verilerin kullan\u0131ma ili\u015fkin daha fazla ayar i\u00e7in https:\/\/support.google.com\/youtube\/topic\/9257518?hl=de&amp;ref_topic=9257107 adresini ziyaret edin.<\/p>\n<p>\u201cBilgilerinize ve di\u011fer haklar\u0131n\u0131za nas\u0131l eri\u015firsiniz?\u201d ba\u015fl\u0131kl\u0131 B\u00f6l\u00fcm 11\u2019 (Privacy Policy) de veri sahibi haklar\u0131na ili\u015fkin daha fazla bilgi edinebilirsiniz.[\/vc_column_text][\/vc_column][\/vc_row]<\/p>\n<\/div>","protected":false},"excerpt":{"rendered":"<p>[vc_row][vc_column width=&#8221;2\/3&#8243;][vc_column_text] Toshiba Facebook Sayfas\u0131 Depolamas\u0131 i\u00e7in Gizlilik \u0130lkesi Tarih: A\u011fustos 2018 Facebook sayfam\u0131z\u0131 ziyaret etti\u011finiz i\u00e7in te\u015fekk\u00fcr ederiz. Ki\u015fisel verilerinizin korunmas\u0131 bizim i\u00e7in \u00e7ok \u00f6nemlidir. Bu Gizlilik \u0130lkesi sayesinde Facebook sayfam\u0131z\u0131 ziyaret ederken ki\u015fisel verilerinizin i\u015flenmesiyle ilgili bilgi edinebilirsiniz. I. Biz kimiz ve bize nas\u0131l ula\u015fabilirsiniz? Facebook \u0130rlanda Limited 4 Grand Canal Square Dublin &hellip;<\/p>\n","protected":false},"author":22,"featured_media":0,"parent":0,"menu_order":0,"comment_status":"closed","ping_status":"closed","template":"page-legal.php","meta":{"_acf_changed":false,"footnotes":""},"class_list":["post-23675","page","type-page","status-publish","hentry"],"acf":[],"yoast_head":"<!-- This site is optimized with the Yoast SEO Premium plugin v27.4 (Yoast SEO v27.4) - https:\/\/yoast.com\/product\/yoast-seo-premium-wordpress\/ -->\n<title>Social Media Privacy Policy - EMEA<\/title>\n<meta name=\"robots\" content=\"index, follow, max-snippet:-1, max-image-preview:large, max-video-preview:-1\" \/>\n<link rel=\"canonical\" href=\"https:\/\/www.wwwtoshibastoragecom.psl.dev\/tr\/social-media-privacy-policy\/\" \/>\n<meta property=\"og:locale\" content=\"tr_TR\" \/>\n<meta property=\"og:type\" content=\"article\" \/>\n<meta property=\"og:title\" content=\"Social Media Privacy Policy\" \/>\n<meta property=\"og:description\" content=\"[vc_row][vc_column width=&#8221;2\/3&#8243;][vc_column_text] Toshiba Facebook Sayfas\u0131 Depolamas\u0131 i\u00e7in Gizlilik \u0130lkesi Tarih: A\u011fustos 2018 Facebook sayfam\u0131z\u0131 ziyaret etti\u011finiz i\u00e7in te\u015fekk\u00fcr ederiz. Ki\u015fisel verilerinizin korunmas\u0131 bizim i\u00e7in \u00e7ok \u00f6nemlidir. Bu Gizlilik \u0130lkesi sayesinde Facebook sayfam\u0131z\u0131 ziyaret ederken ki\u015fisel verilerinizin i\u015flenmesiyle ilgili bilgi edinebilirsiniz. I. Biz kimiz ve bize nas\u0131l ula\u015fabilirsiniz? Facebook \u0130rlanda Limited 4 Grand Canal Square Dublin &hellip;\" \/>\n<meta property=\"og:url\" content=\"https:\/\/www.wwwtoshibastoragecom.psl.dev\/tr\/social-media-privacy-policy\/\" \/>\n<meta property=\"og:site_name\" content=\"EMEA\" \/>\n<meta property=\"article:publisher\" content=\"https:\/\/www.facebook.com\/ToshibaStorageEU\/\" \/>\n<meta property=\"article:modified_time\" content=\"2022-08-15T07:32:08+00:00\" \/>\n<meta name=\"twitter:card\" content=\"summary_large_image\" \/>\n<meta name=\"twitter:label1\" content=\"Est. reading time\" \/>\n\t<meta name=\"twitter:data1\" content=\"15 minutes\" \/>\n<script type=\"application\/ld+json\" class=\"yoast-schema-graph\">{\"@context\":\"https:\\\/\\\/schema.org\",\"@graph\":[{\"@type\":\"WebPage\",\"@id\":\"https:\\\/\\\/www.wwwtoshibastoragecom.psl.dev\\\/tr\\\/social-media-privacy-policy\\\/\",\"url\":\"https:\\\/\\\/www.wwwtoshibastoragecom.psl.dev\\\/tr\\\/social-media-privacy-policy\\\/\",\"name\":\"Social Media Privacy Policy - EMEA\",\"isPartOf\":{\"@id\":\"https:\\\/\\\/toshibastorage.local\\\/#website\"},\"datePublished\":\"2018-08-08T14:53:21+00:00\",\"dateModified\":\"2022-08-15T07:32:08+00:00\",\"inLanguage\":\"tr-TR\",\"potentialAction\":[{\"@type\":\"ReadAction\",\"target\":[\"https:\\\/\\\/www.wwwtoshibastoragecom.psl.dev\\\/tr\\\/social-media-privacy-policy\\\/\"]}]},{\"@type\":\"WebSite\",\"@id\":\"https:\\\/\\\/toshibastorage.local\\\/#website\",\"url\":\"https:\\\/\\\/toshibastorage.local\\\/\",\"name\":\"Toshiba Storage Solutions \u2013 EMEA Region\",\"description\":\"Toshiba in Europe and Middle East Asia provides reliable and innovative storage solutions and internal and external HDDs \u2013for Laptops, PC, NAS, Surveillance and Enterprise.\",\"publisher\":{\"@id\":\"https:\\\/\\\/toshibastorage.local\\\/#organization\"},\"potentialAction\":[{\"@type\":\"SearchAction\",\"target\":{\"@type\":\"EntryPoint\",\"urlTemplate\":\"https:\\\/\\\/toshibastorage.local\\\/?s={search_term_string}\"},\"query-input\":{\"@type\":\"PropertyValueSpecification\",\"valueRequired\":true,\"valueName\":\"search_term_string\"}}],\"inLanguage\":\"tr-TR\"},{\"@type\":\"Organization\",\"@id\":\"https:\\\/\\\/toshibastorage.local\\\/#organization\",\"name\":\"Toshiba Electronics Europe GmbH\",\"url\":\"https:\\\/\\\/toshibastorage.local\\\/\",\"logo\":{\"@type\":\"ImageObject\",\"inLanguage\":\"tr-TR\",\"@id\":\"https:\\\/\\\/toshibastorage.local\\\/#\\\/schema\\\/logo\\\/image\\\/\",\"url\":\"https:\\\/\\\/www.wwwtoshibastoragecom.psl.dev\\\/wp-content\\\/uploads\\\/2024\\\/02\\\/toshiba-logo.png\",\"contentUrl\":\"https:\\\/\\\/www.wwwtoshibastoragecom.psl.dev\\\/wp-content\\\/uploads\\\/2024\\\/02\\\/toshiba-logo.png\",\"width\":263,\"height\":40,\"caption\":\"Toshiba Electronics Europe GmbH\"},\"image\":{\"@id\":\"https:\\\/\\\/toshibastorage.local\\\/#\\\/schema\\\/logo\\\/image\\\/\"},\"sameAs\":[\"https:\\\/\\\/www.facebook.com\\\/ToshibaStorageEU\\\/\",\"https:\\\/\\\/www.linkedin.com\\\/company\\\/toshiba-electronics-europe-gmbh\\\/?originalSubdomain=de\",\"https:\\\/\\\/www.youtube.com\\\/user\\\/ToshibaElectronics1\"]}]}<\/script>\n<!-- \/ Yoast SEO Premium plugin. -->","yoast_head_json":{"title":"Social Media Privacy Policy - EMEA","robots":{"index":"index","follow":"follow","max-snippet":"max-snippet:-1","max-image-preview":"max-image-preview:large","max-video-preview":"max-video-preview:-1"},"canonical":"https:\/\/www.wwwtoshibastoragecom.psl.dev\/tr\/social-media-privacy-policy\/","og_locale":"tr_TR","og_type":"article","og_title":"Social Media Privacy Policy","og_description":"[vc_row][vc_column width=&#8221;2\/3&#8243;][vc_column_text] Toshiba Facebook Sayfas\u0131 Depolamas\u0131 i\u00e7in Gizlilik \u0130lkesi Tarih: A\u011fustos 2018 Facebook sayfam\u0131z\u0131 ziyaret etti\u011finiz i\u00e7in te\u015fekk\u00fcr ederiz. Ki\u015fisel verilerinizin korunmas\u0131 bizim i\u00e7in \u00e7ok \u00f6nemlidir. Bu Gizlilik \u0130lkesi sayesinde Facebook sayfam\u0131z\u0131 ziyaret ederken ki\u015fisel verilerinizin i\u015flenmesiyle ilgili bilgi edinebilirsiniz. I. Biz kimiz ve bize nas\u0131l ula\u015fabilirsiniz? Facebook \u0130rlanda Limited 4 Grand Canal Square Dublin &hellip;","og_url":"https:\/\/www.wwwtoshibastoragecom.psl.dev\/tr\/social-media-privacy-policy\/","og_site_name":"EMEA","article_publisher":"https:\/\/www.facebook.com\/ToshibaStorageEU\/","article_modified_time":"2022-08-15T07:32:08+00:00","twitter_card":"summary_large_image","twitter_misc":{"Est. reading time":"15 minutes"},"schema":{"@context":"https:\/\/schema.org","@graph":[{"@type":"WebPage","@id":"https:\/\/www.wwwtoshibastoragecom.psl.dev\/tr\/social-media-privacy-policy\/","url":"https:\/\/www.wwwtoshibastoragecom.psl.dev\/tr\/social-media-privacy-policy\/","name":"Social Media Privacy Policy - EMEA","isPartOf":{"@id":"https:\/\/toshibastorage.local\/#website"},"datePublished":"2018-08-08T14:53:21+00:00","dateModified":"2022-08-15T07:32:08+00:00","inLanguage":"tr-TR","potentialAction":[{"@type":"ReadAction","target":["https:\/\/www.wwwtoshibastoragecom.psl.dev\/tr\/social-media-privacy-policy\/"]}]},{"@type":"WebSite","@id":"https:\/\/toshibastorage.local\/#website","url":"https:\/\/toshibastorage.local\/","name":"Toshiba Storage Solutions \u2013 EMEA Region","description":"Toshiba in Europe and Middle East Asia provides reliable and innovative storage solutions and internal and external HDDs \u2013for Laptops, PC, NAS, Surveillance and Enterprise.","publisher":{"@id":"https:\/\/toshibastorage.local\/#organization"},"potentialAction":[{"@type":"SearchAction","target":{"@type":"EntryPoint","urlTemplate":"https:\/\/toshibastorage.local\/?s={search_term_string}"},"query-input":{"@type":"PropertyValueSpecification","valueRequired":true,"valueName":"search_term_string"}}],"inLanguage":"tr-TR"},{"@type":"Organization","@id":"https:\/\/toshibastorage.local\/#organization","name":"Toshiba Electronics Europe GmbH","url":"https:\/\/toshibastorage.local\/","logo":{"@type":"ImageObject","inLanguage":"tr-TR","@id":"https:\/\/toshibastorage.local\/#\/schema\/logo\/image\/","url":"https:\/\/www.wwwtoshibastoragecom.psl.dev\/wp-content\/uploads\/2024\/02\/toshiba-logo.png","contentUrl":"https:\/\/www.wwwtoshibastoragecom.psl.dev\/wp-content\/uploads\/2024\/02\/toshiba-logo.png","width":263,"height":40,"caption":"Toshiba Electronics Europe GmbH"},"image":{"@id":"https:\/\/toshibastorage.local\/#\/schema\/logo\/image\/"},"sameAs":["https:\/\/www.facebook.com\/ToshibaStorageEU\/","https:\/\/www.linkedin.com\/company\/toshiba-electronics-europe-gmbh\/?originalSubdomain=de","https:\/\/www.youtube.com\/user\/ToshibaElectronics1"]}]}},"_links":{"self":[{"href":"https:\/\/www.wwwtoshibastoragecom.psl.dev\/tr\/wp-json\/wp\/v2\/pages\/23675","targetHints":{"allow":["GET"]}}],"collection":[{"href":"https:\/\/www.wwwtoshibastoragecom.psl.dev\/tr\/wp-json\/wp\/v2\/pages"}],"about":[{"href":"https:\/\/www.wwwtoshibastoragecom.psl.dev\/tr\/wp-json\/wp\/v2\/types\/page"}],"author":[{"embeddable":true,"href":"https:\/\/www.wwwtoshibastoragecom.psl.dev\/tr\/wp-json\/wp\/v2\/users\/22"}],"replies":[{"embeddable":true,"href":"https:\/\/www.wwwtoshibastoragecom.psl.dev\/tr\/wp-json\/wp\/v2\/comments?post=23675"}],"version-history":[{"count":0,"href":"https:\/\/www.wwwtoshibastoragecom.psl.dev\/tr\/wp-json\/wp\/v2\/pages\/23675\/revisions"}],"wp:attachment":[{"href":"https:\/\/www.wwwtoshibastoragecom.psl.dev\/tr\/wp-json\/wp\/v2\/media?parent=23675"}],"curies":[{"name":"wp","href":"https:\/\/api.w.org\/{rel}","templated":true}]}}